{"id":258898,"date":"2023-07-25T08:30:00","date_gmt":"2023-07-25T08:30:00","guid":{"rendered":"https:\/\/www.psicologiaoviedo.com\/?page_id=258898"},"modified":"2024-03-21T16:50:04","modified_gmt":"2024-03-21T16:50:04","slug":"tratamiento-trastorno-estres-post-traumatico-oviedo","status":"publish","type":"page","link":"https:\/\/www.psicologiaoviedo.com\/?page_id=258898","title":{"rendered":"Trastorno por estr\u00e9s post traum\u00e1tico"},"content":{"rendered":"<p>[et_pb_section fb_built=&#8221;1&#8243; next_background_color=&#8221;#f6f6f6&#8243; _builder_version=&#8221;4.21.0&#8243; _module_preset=&#8221;default&#8221; background_color=&#8221;#FFFFFF&#8221; custom_padding=&#8221;40px||80px|||&#8221; top_divider_color=&#8221;#FFFFFF&#8221; top_divider_height=&#8221;50px&#8221; top_divider_flip=&#8221;horizontal&#8221; bottom_divider_style=&#8221;arrow&#8221; bottom_divider_height=&#8221;50px&#8221; global_colors_info=&#8221;{}&#8221;][et_pb_row use_custom_gutter=&#8221;on&#8221; _builder_version=&#8221;4.21.0&#8243; _module_preset=&#8221;default&#8221; width=&#8221;65%&#8221; global_colors_info=&#8221;{}&#8221;][et_pb_column type=&#8221;4_4&#8243; _builder_version=&#8221;4.21.0&#8243; _module_preset=&#8221;default&#8221; global_colors_info=&#8221;{}&#8221;][et_pb_divider color=&#8221;#d71448&#8243; divider_weight=&#8221;10px&#8221; _builder_version=&#8221;4.21.0&#8243; _module_preset=&#8221;default&#8221; width=&#8221;10%&#8221; module_alignment=&#8221;center&#8221; global_colors_info=&#8221;{}&#8221;][\/et_pb_divider][et_pb_text _builder_version=&#8221;4.21.0&#8243; _module_preset=&#8221;default&#8221; text_font=&#8221;Roboto Condensed|800|||||||&#8221; text_text_color=&#8221;#282828&#8243; text_font_size=&#8221;39px&#8221; text_line_height=&#8221;1.2em&#8221; header_font=&#8221;Inter|800|||||||&#8221; header_text_align=&#8221;center&#8221; header_font_size=&#8221;40px&#8221; width=&#8221;100%&#8221; module_alignment=&#8221;center&#8221; global_colors_info=&#8221;{}&#8221;]<\/p>\n<h1>Psic\u00f3loga especialista en el tratamiento del Trastorno por estr\u00e9s post traum\u00e1tico<\/h1>\n<p>[\/et_pb_text][et_pb_button button_url=&#8221;https:\/\/www.psicologiaoviedo.com\/contacto\/&#8221; button_text=&#8221;CONTACTAR&#8221; button_alignment=&#8221;center&#8221; _builder_version=&#8221;4.21.0&#8243; _module_preset=&#8221;default&#8221; custom_button=&#8221;on&#8221; button_text_size=&#8221;15px&#8221; button_text_color=&#8221;#FFFFFF&#8221; button_bg_color=&#8221;#a30f37&#8243; button_border_width=&#8221;0px&#8221; button_border_color=&#8221;#cf9450&#8243; button_border_radius=&#8221;0px&#8221; button_letter_spacing=&#8221;0px&#8221; button_font=&#8221;Roboto Condensed||||||||&#8221; button_use_icon=&#8221;off&#8221; custom_margin=&#8221;30px||||false|false&#8221; custom_padding=&#8221;10px|46px|8px|50px|false|false&#8221; box_shadow_style=&#8221;preset1&#8243; box_shadow_vertical=&#8221;31px&#8221; box_shadow_blur=&#8221;65px&#8221; box_shadow_spread=&#8221;10px&#8221; box_shadow_color=&#8221;rgba(0,0,0,0.2)&#8221; global_colors_info=&#8221;{}&#8221; button_text_color__hover_enabled=&#8221;on|hover&#8221; button_text_color__hover=&#8221;#FFFFFF&#8221; button_bg_color__hover_enabled=&#8221;on|hover&#8221; button_bg_color__hover=&#8221;#d71448&#8243; button_bg_enable_color__hover=&#8221;on&#8221; button_border_color__hover_enabled=&#8221;on|hover&#8221; button_border_color__hover=&#8221;#121722&#8243; button_letter_spacing__hover_enabled=&#8221;on|desktop&#8221; button_letter_spacing__hover=&#8221;3px&#8221;][\/et_pb_button][et_pb_text _builder_version=&#8221;4.21.0&#8243; _module_preset=&#8221;default&#8221; text_font=&#8221;Inter|300|||||||&#8221; text_text_color=&#8221;#282828&#8243; text_font_size=&#8221;16px&#8221; text_line_height=&#8221;1.8em&#8221; global_colors_info=&#8221;{}&#8221;]<\/p>\n<p>Bienvenidos a nuestra consulta de psicolog\u00eda, donde ofrecemos servicios especializados como <strong>psic\u00f3loga especialista en el tratamiento del trastorno por estr\u00e9s post traum\u00e1tico<\/strong>. Este trastorno, conocido como TEPT, puede surgir tras vivir o presenciar eventos traum\u00e1ticos, y nuestro objetivo es brindar un apoyo terap\u00e9utico efectivo y comprensivo para quienes lo padecen.<\/p>\n<p>Como <strong>psic\u00f3loga especializada en TEPT<\/strong>, aplico un enfoque terap\u00e9utico integral que abarca tanto t\u00e9cnicas tradicionales como innovadoras. Utilizo la terapia cognitivo-conductual, espec\u00edficamente la terapia de exposici\u00f3n y la reestructuraci\u00f3n cognitiva, para ayudar a los pacientes a procesar y manejar sus experiencias traum\u00e1ticas. Adem\u00e1s, incorporo enfoques como EMDR (Desensibilizaci\u00f3n y Reprocesamiento por Movimientos Oculares) y terapias basadas en mindfulness, que han demostrado ser efectivas en el tratamiento del TEPT.<\/p>\n<p>El tratamiento del <strong>trastorno por estr\u00e9s post traum\u00e1tico<\/strong> requiere un enfoque personalizado, ya que cada persona experimenta y procesa el trauma de manera diferente. Mi objetivo es crear un espacio seguro y de confianza donde los pacientes puedan explorar sus emociones y trabajar hacia la recuperaci\u00f3n. A trav\u00e9s de la terapia, busco ayudar a mis pacientes a reducir los s\u00edntomas del TEPT, mejorar su funcionamiento diario y restaurar su calidad de vida.<\/p>\n<p>Adem\u00e1s, como <strong>psic\u00f3loga especialista<\/strong>, estoy comprometida con la actualizaci\u00f3n continua en el campo de la psicolog\u00eda traum\u00e1tica, lo que me permite ofrecer tratamientos basados en la evidencia m\u00e1s reciente. Mi enfoque se centra en el bienestar integral de mis pacientes, considerando todos los aspectos de su vida afectados por el trauma.<\/p>\n<p>Si est\u00e1 buscando una <strong>psic\u00f3loga especialista en el tratamiento del trastorno por estr\u00e9s post traum\u00e1tico<\/strong>, nuestra consulta est\u00e1 aqu\u00ed para ofrecerle el apoyo y la gu\u00eda que necesita. Cont\u00e1ctenos para comenzar su camino hacia la recuperaci\u00f3n y el bienestar emocional.<\/p>\n<p>Otros servicios: <a href=\"https:\/\/www.psicologiaoviedo.com\/tratamiento-ansiedad-estres-oviedo\/\">ansiedad y estr\u00e9s<\/a>, <a href=\"https:\/\/www.psicologiaoviedo.com\/tratamiento-depresion-oviedo\/\">depresi\u00f3n<\/a>, <a href=\"https:\/\/www.psicologiaoviedo.com\/tratamiento-problemas-relacion-social-oviedo\/\">problemas de relaci\u00f3n social<\/a>, <a href=\"https:\/\/www.psicologiaoviedo.com\/tratamiento-proceso-duelo-oviedo\/\">procesos de duelo<\/a>,\u00a0<a href=\"https:\/\/www.psicologiaoviedo.com\/tratamiento-trastornos-alimentarios-oviedo\/\">trastornos alimentarios<\/a>, <a href=\"https:\/\/www.psicologiaoviedo.com\/tratamiento-dolores-cronicos-oviedo\/\">dolores cr\u00f3nicos<\/a>, <a href=\"https:\/\/www.psicologiaoviedo.com\/psicologa-online-oviedo\/\">psicolog\u00eda online<\/a><\/p>\n<p>[\/et_pb_text][et_pb_text _builder_version=&#8221;4.21.0&#8243; _module_preset=&#8221;default&#8221; text_font=&#8221;Inter|300|||||||&#8221; text_text_color=&#8221;#282828&#8243; text_font_size=&#8221;16px&#8221; text_line_height=&#8221;1.8em&#8221; global_colors_info=&#8221;{}&#8221;][\/et_pb_text][\/et_pb_column][\/et_pb_row][\/et_pb_section][et_pb_section fb_built=&#8221;1&#8243; next_background_color=&#8221;#ffffff&#8221; _builder_version=&#8221;4.21.0&#8243; _module_preset=&#8221;default&#8221; background_color=&#8221;#f6f6f6&#8243; custom_padding=&#8221;78px||80px|||&#8221; bottom_divider_style=&#8221;arrow&#8221; bottom_divider_height=&#8221;50px&#8221; global_colors_info=&#8221;{}&#8221;][et_pb_row column_structure=&#8221;2_5,3_5&#8243; _builder_version=&#8221;4.21.0&#8243; _module_preset=&#8221;default&#8221; global_colors_info=&#8221;{}&#8221;][et_pb_column type=&#8221;2_5&#8243; _builder_version=&#8221;4.21.0&#8243; _module_preset=&#8221;default&#8221; global_colors_info=&#8221;{}&#8221;][et_pb_image src=&#8221;https:\/\/www.psicologiaoviedo.com\/wp-content\/uploads\/2023\/06\/0-1.jpg&#8221; alt=&#8221;Psic\u00f3logo de problemas de relaci\u00f3n en Oviedo&#8221; title_text=&#8221;Psic\u00f3logo de problemas de relaci\u00f3n en Oviedo&#8221; _builder_version=&#8221;4.21.0&#8243; _module_preset=&#8221;default&#8221; global_colors_info=&#8221;{}&#8221;][\/et_pb_image][et_pb_image src=&#8221;https:\/\/www.psicologiaoviedo.com\/wp-content\/uploads\/2023\/06\/0-1.jpg&#8221; alt=&#8221;Psic\u00f3logo de problemas de relaci\u00f3n en Oviedo&#8221; title_text=&#8221;Psic\u00f3logo de problemas de relaci\u00f3n en Oviedo&#8221; _builder_version=&#8221;4.21.0&#8243; _module_preset=&#8221;default&#8221; global_colors_info=&#8221;{}&#8221;][\/et_pb_image][\/et_pb_column][et_pb_column type=&#8221;3_5&#8243; _builder_version=&#8221;4.21.0&#8243; _module_preset=&#8221;default&#8221; global_colors_info=&#8221;{}&#8221;][et_pb_text _builder_version=&#8221;4.21.0&#8243; _module_preset=&#8221;default&#8221; text_font=&#8221;Inter|800|||||||&#8221; text_text_color=&#8221;#282828&#8243; text_font_size=&#8221;36px&#8221; text_line_height=&#8221;1.2em&#8221; header_2_font=&#8221;Inter|800|||||||&#8221; header_2_font_size=&#8221;36px&#8221; header_2_line_height=&#8221;1.2em&#8221; locked=&#8221;off&#8221; global_colors_info=&#8221;{}&#8221;]<\/p>\n<h2 style=\"text-align: left;\">Superando las experiencias traum\u00e1ticas: enfermedades, abusos y accidentes<\/h2>\n<p>[\/et_pb_text][et_pb_divider color=&#8221;#d71448&#8243; divider_weight=&#8221;10px&#8221; _builder_version=&#8221;4.21.0&#8243; _module_preset=&#8221;default&#8221; width=&#8221;10%&#8221; module_alignment=&#8221;left&#8221; locked=&#8221;off&#8221; global_colors_info=&#8221;{}&#8221;][\/et_pb_divider][et_pb_text _builder_version=&#8221;4.21.0&#8243; _module_preset=&#8221;default&#8221; text_font=&#8221;Inter|300|||||||&#8221; text_text_color=&#8221;#282828&#8243; text_font_size=&#8221;16px&#8221; text_line_height=&#8221;1.8em&#8221; locked=&#8221;off&#8221; global_colors_info=&#8221;{}&#8221;]<\/p>\n<p>En nuestra cl\u00ednica, contamos con una <strong>psic\u00f3loga especialista en el tratamiento del trastorno por estr\u00e9s post traum\u00e1tico (TEPT)<\/strong>, dedicada a brindar atenci\u00f3n y apoyo a quienes han experimentado situaciones traum\u00e1ticas. El TEPT es un trastorno complejo que requiere un enfoque terap\u00e9utico especializado y emp\u00e1tico, y estamos comprometidos a ofrecer el mejor tratamiento posible.<\/p>\n<p>Como <strong>psic\u00f3loga especializada en TEPT<\/strong>, utilizo una variedad de t\u00e9cnicas terap\u00e9uticas para abordar los s\u00edntomas y las causas subyacentes del trastorno. Esto incluye terapias como EMDR, que es altamente efectiva para procesar recuerdos traum\u00e1ticos, y la terapia cognitivo-conductual, que ayuda a los pacientes a modificar pensamientos y comportamientos negativos asociados con el trauma.<\/p>\n<p>El tratamiento del <strong>trastorno por estr\u00e9s post traum\u00e1tico<\/strong> en nuestra cl\u00ednica se centra en proporcionar un espacio seguro donde los pacientes puedan sentirse escuchados y comprendidos. Trabajamos para ayudarles a recuperar el control de sus vidas, mejorar su bienestar emocional y desarrollar estrategias de afrontamiento saludables.<\/p>\n<p>Adem\u00e1s, como <strong>psic\u00f3loga especialista<\/strong>, me mantengo actualizada en los \u00faltimos avances en el tratamiento del TEPT para ofrecer las t\u00e9cnicas m\u00e1s efectivas y basadas en la evidencia. Mi enfoque se basa en el respeto, la confidencialidad y el compromiso con el bienestar de cada paciente.<\/p>\n<p>Si est\u00e1 buscando una <strong>psic\u00f3loga especialista en el tratamiento del trastorno por estr\u00e9s post traum\u00e1tico<\/strong> en nuestra cl\u00ednica, estamos aqu\u00ed para ayudarle. Ofrecemos un enfoque comprensivo y personalizado para apoyarle en su proceso de recuperaci\u00f3n y ayudarle a superar los desaf\u00edos asociados con el TEPT.<\/p>\n<p>[\/et_pb_text][\/et_pb_column][\/et_pb_row][\/et_pb_section][et_pb_section fb_built=&#8221;1&#8243; _builder_version=&#8221;4.21.0&#8243; _module_preset=&#8221;default&#8221; background_enable_image=&#8221;off&#8221; background_size=&#8221;initial&#8221; background_repeat=&#8221;repeat&#8221; custom_padding=&#8221;70px||80px|||&#8221; bottom_divider_height=&#8221;50px&#8221; locked=&#8221;off&#8221; global_colors_info=&#8221;{}&#8221;][et_pb_row column_structure=&#8221;1_4,3_4&#8243; use_custom_gutter=&#8221;on&#8221; make_equal=&#8221;on&#8221; _builder_version=&#8221;4.21.0&#8243; _module_preset=&#8221;default&#8221; width=&#8221;65%&#8221; global_colors_info=&#8221;{}&#8221;][et_pb_column type=&#8221;1_4&#8243; _builder_version=&#8221;4.21.0&#8243; _module_preset=&#8221;default&#8221; global_colors_info=&#8221;{}&#8221;][et_pb_image src=&#8221;https:\/\/www.psicologiaoviedo.com\/wp-content\/uploads\/2023\/07\/Proyecto-nuevo-2023-07-12T180621.779.png&#8221; title_text=&#8221;Proyecto nuevo &#8211; 2023-07-12T180621.779&#8243; align=&#8221;center&#8221; _builder_version=&#8221;4.21.0&#8243; _module_preset=&#8221;default&#8221; width=&#8221;35%&#8221; custom_margin=&#8221;5px||||false|false&#8221; global_colors_info=&#8221;{}&#8221;][\/et_pb_image][\/et_pb_column][et_pb_column type=&#8221;3_4&#8243; _builder_version=&#8221;4.21.0&#8243; _module_preset=&#8221;default&#8221; global_colors_info=&#8221;{}&#8221;][et_pb_text _builder_version=&#8221;4.21.0&#8243; _module_preset=&#8221;default&#8221; text_font=&#8221;Inter|800|||||||&#8221; text_text_color=&#8221;#282828&#8243; text_font_size=&#8221;42px&#8221; text_line_height=&#8221;1.2em&#8221; custom_margin=&#8221;||50px||false|false&#8221; global_colors_info=&#8221;{}&#8221;]<\/p>\n<p style=\"text-align: left;\">Preguntas <strong class=\"acento\">frecuentes<\/strong><\/p>\n<p>[\/et_pb_text][et_pb_accordion icon_color=&#8221;#a30f37&#8243; use_icon_font_size=&#8221;on&#8221; icon_font_size=&#8221;22px&#8221; _builder_version=&#8221;4.21.0&#8243; _module_preset=&#8221;default&#8221; custom_margin=&#8221;0px||||false|false&#8221; global_colors_info=&#8221;{}&#8221;][et_pb_accordion_item title=&#8221;\u00bfCu\u00e1nto tiempo toma superar las dificultades de comunicaci\u00f3n despu\u00e9s de una experiencia traum\u00e1tica?&#8221; open=&#8221;on&#8221; _builder_version=&#8221;4.21.0&#8243; _module_preset=&#8221;default&#8221; body_font=&#8221;Inter|300|||||||&#8221; body_text_color=&#8221;#000000&#8243; body_font_size=&#8221;16px&#8221; body_line_height=&#8221;1.8em&#8221; global_colors_info=&#8221;{}&#8221; toggle_level=&#8221;h3&#8243; toggle_font=&#8221;Inter|700|||||||&#8221;]<\/p>\n<p>El tiempo puede variar seg\u00fan cada persona, la gravedad de la experiencia y c\u00f3mo esta le ha afectado. La terapia puede ser un proceso a largo plazo, pero con la ayuda de un profesional de la salud mental capacitado, puede esperar mejoras significativas en su capacidad para manejar las emociones relacionadas con la experiencia traum\u00e1tica.<\/p>\n<p>[\/et_pb_accordion_item][\/et_pb_accordion][\/et_pb_column][\/et_pb_row][\/et_pb_section]<\/p>\n","protected":false},"excerpt":{"rendered":"<p>Psic\u00f3loga especialista en el tratamiento del Trastorno por estr\u00e9s post traum\u00e1ticoBienvenidos a nuestra consulta de psicolog\u00eda, donde ofrecemos servicios especializados como psic\u00f3loga especialista en el tratamiento del trastorno por estr\u00e9s post traum\u00e1tico. Este trastorno, conocido como TEPT, puede surgir tras vivir o presenciar eventos traum\u00e1ticos, y nuestro objetivo es brindar un apoyo terap\u00e9utico efectivo y [&hellip;]<\/p>\n","protected":false},"author":11,"featured_media":0,"parent":0,"menu_order":0,"comment_status":"closed","ping_status":"closed","template":"","meta":{"_et_pb_use_builder":"on","_et_pb_old_content":"","_et_gb_content_width":"","footnotes":""},"class_list":["post-258898","page","type-page","status-publish","hentry"],"_links":{"self":[{"href":"https:\/\/www.psicologiaoviedo.com\/index.php?rest_route=\/wp\/v2\/pages\/258898","targetHints":{"allow":["GET"]}}],"collection":[{"href":"https:\/\/www.psicologiaoviedo.com\/index.php?rest_route=\/wp\/v2\/pages"}],"about":[{"href":"https:\/\/www.psicologiaoviedo.com\/index.php?rest_route=\/wp\/v2\/types\/page"}],"author":[{"embeddable":true,"href":"https:\/\/www.psicologiaoviedo.com\/index.php?rest_route=\/wp\/v2\/users\/11"}],"replies":[{"embeddable":true,"href":"https:\/\/www.psicologiaoviedo.com\/index.php?rest_route=%2Fwp%2Fv2%2Fcomments&post=258898"}],"version-history":[{"count":6,"href":"https:\/\/www.psicologiaoviedo.com\/index.php?rest_route=\/wp\/v2\/pages\/258898\/revisions"}],"predecessor-version":[{"id":259128,"href":"https:\/\/www.psicologiaoviedo.com\/index.php?rest_route=\/wp\/v2\/pages\/258898\/revisions\/259128"}],"wp:attachment":[{"href":"https:\/\/www.psicologiaoviedo.com\/index.php?rest_route=%2Fwp%2Fv2%2Fmedia&parent=258898"}],"curies":[{"name":"wp","href":"https:\/\/api.w.org\/{rel}","templated":true}]}}