{"id":258682,"date":"2023-07-13T10:17:44","date_gmt":"2023-07-13T10:17:44","guid":{"rendered":"https:\/\/www.psicologiaoviedo.com\/?page_id=258682"},"modified":"2024-03-21T16:45:54","modified_gmt":"2024-03-21T16:45:54","slug":"especialidades","status":"publish","type":"page","link":"https:\/\/www.psicologiaoviedo.com\/?page_id=258682","title":{"rendered":"Especialidades"},"content":{"rendered":"<p>[et_pb_section fb_built=&#8221;1&#8243; _builder_version=&#8221;4.21.0&#8243; _module_preset=&#8221;default&#8221; background_color=&#8221;#f6f6f6&#8243; custom_padding=&#8221;34px||120px|||&#8221; bottom_divider_style=&#8221;arrow&#8221; bottom_divider_color=&#8221;#FFFFFF&#8221; bottom_divider_height=&#8221;50px&#8221; locked=&#8221;off&#8221; global_colors_info=&#8221;{}&#8221;][et_pb_row use_custom_gutter=&#8221;on&#8221; _builder_version=&#8221;4.21.0&#8243; _module_preset=&#8221;default&#8221; width=&#8221;65%&#8221; global_colors_info=&#8221;{}&#8221;][et_pb_column type=&#8221;4_4&#8243; _builder_version=&#8221;4.21.0&#8243; _module_preset=&#8221;default&#8221; global_colors_info=&#8221;{}&#8221;][et_pb_text _builder_version=&#8221;4.21.0&#8243; _module_preset=&#8221;default&#8221; text_font=&#8221;Inter|800|||||||&#8221; text_text_color=&#8221;#282828&#8243; text_font_size=&#8221;36px&#8221; text_line_height=&#8221;1.2em&#8221; text_font_size_tablet=&#8221;36px&#8221; text_font_size_phone=&#8221;26px&#8221; text_font_size_last_edited=&#8221;on|phone&#8221; global_colors_info=&#8221;{}&#8221;]<\/p>\n<p style=\"text-align: center;\">Los problemas en los que se ofrece <span style=\"color: #a30f37;\">Tramiento psicol\u00f3gico<\/span>\u00a0con m\u00e1s frecuencia son:<\/p>\n<p>[\/et_pb_text][et_pb_divider color=&#8221;#000000&#8243; divider_position=&#8221;center&#8221; _builder_version=&#8221;4.21.0&#8243; _module_preset=&#8221;default&#8221; global_colors_info=&#8221;{}&#8221;][\/et_pb_divider][et_pb_text _builder_version=&#8221;4.21.0&#8243; _module_preset=&#8221;default&#8221; text_font=&#8221;Inter|300|||||||&#8221; text_text_color=&#8221;#282828&#8243; text_font_size=&#8221;26px&#8221; text_line_height=&#8221;2em&#8221; text_font_size_tablet=&#8221;26px&#8221; text_font_size_phone=&#8221;20px&#8221; text_font_size_last_edited=&#8221;on|phone&#8221; global_colors_info=&#8221;{}&#8221;]<\/p>\n<p style=\"text-align: center;\">|\u00a0<strong> Trastornos del estado de \u00e1nimo:<\/strong> depresi\u00f3n, tristeza, apat\u00eda, soledad, trastorno bipolar\u00a0 |\u00a0 <strong>Ansiedad, Estr\u00e9s:<\/strong> trastorno obsesivo-compulsivo, preocupaciones persistentes (Obsesiones), miedos (fobias), crisis de angustia, agorafob\u00eda , hipocondr\u00eda\u00a0 |\u00a0 <strong>Adicciones, dependencias, abuso de sustancias:<\/strong> drogas, alcohol\u00a0 |\u00a0 <strong>Uso problem\u00e1tico:<\/strong> nuevas tecnolog\u00edas, juego\u00a0 |\u00a0 Problemas en el control de los impulsos\u00a0 |\u00a0 <strong>Dolor cr\u00f3nico:<\/strong> trastornos picosom\u00e1ticos, enfermedades cr\u00f3nicas\u00a0 |\u00a0 Trastornos psic\u00f3ticos\u00a0 |\u00a0 <strong>Trastornos de la alimentaci\u00f3n:<\/strong> anorexia, bulimia, obesidad\u00a0 |\u00a0 Trastornos del sue\u00f1o\u00a0 |\u00a0 <strong>Problemas de relaci\u00f3n:<\/strong> relaciones sociales, relaci\u00f3n de pareja, procesos de separaci\u00f3n, problemas familiares, problemas de comunicaci\u00f3n\u00a0 |\u00a0 Trastornos de personalidad\u00a0 |\u00a0 Crisis personales\u00a0 |\u00a0 <strong>Problemas sexuales:<\/strong> anorgasmia, eyaculaci\u00f3n precoz, impotencia, bajo deseo sexual\u00a0 |<\/p>\n<p style=\"text-align: center;\"><strong>\u00bfAlgo no va bien? Los Psic\u00f3logos Especialistas en Psicolog\u00eda Cl\u00ednica podemos ayudarle.\u00a0<\/strong><\/p>\n<p>[\/et_pb_text][\/et_pb_column][\/et_pb_row][\/et_pb_section][et_pb_section fb_built=&#8221;1&#8243; next_background_color=&#8221;#f6f6f6&#8243; _builder_version=&#8221;4.21.0&#8243; _module_preset=&#8221;default&#8221; background_color=&#8221;#FFFFFF&#8221; custom_padding=&#8221;80px||120px|||&#8221; bottom_divider_style=&#8221;arrow&#8221; bottom_divider_height=&#8221;50px&#8221; global_colors_info=&#8221;{}&#8221;][et_pb_row use_custom_gutter=&#8221;on&#8221; _builder_version=&#8221;4.21.0&#8243; _module_preset=&#8221;default&#8221; width=&#8221;65%&#8221; global_colors_info=&#8221;{}&#8221;][et_pb_column type=&#8221;4_4&#8243; _builder_version=&#8221;4.21.0&#8243; _module_preset=&#8221;default&#8221; global_colors_info=&#8221;{}&#8221;][et_pb_text _builder_version=&#8221;4.21.0&#8243; _module_preset=&#8221;default&#8221; text_font=&#8221;Inter|800|||||||&#8221; text_text_color=&#8221;#282828&#8243; text_font_size=&#8221;36px&#8221; text_line_height=&#8221;1.2em&#8221; text_font_size_tablet=&#8221;36px&#8221; text_font_size_phone=&#8221;26px&#8221; text_font_size_last_edited=&#8221;on|phone&#8221; global_colors_info=&#8221;{}&#8221;]<\/p>\n<p>Asesoramiento, orientaci\u00f3n y entrenamiento para Padres:<\/p>\n<p>[\/et_pb_text][et_pb_text _builder_version=&#8221;4.21.0&#8243; _module_preset=&#8221;default&#8221; text_font=&#8221;Inter|300|||||||&#8221; text_text_color=&#8221;#282828&#8243; text_font_size=&#8221;20px&#8221; text_line_height=&#8221;2em&#8221; text_font_size_tablet=&#8221;20px&#8221; text_font_size_phone=&#8221;18px&#8221; text_font_size_last_edited=&#8221;on|phone&#8221; global_colors_info=&#8221;{}&#8221;]<\/p>\n<p>Ense\u00f1ando a los padres el modo de interactuar con sus hijos e hijas de una manera positiva y apropiada para su desarrollo, estableciendo expectativas razonables y comunicando estas expectativas de forma que sea m\u00e1s probable que sus hijos les escuchen.<\/p>\n<p>[\/et_pb_text][et_pb_text _builder_version=&#8221;4.21.0&#8243; _module_preset=&#8221;default&#8221; text_font=&#8221;Inter|300|||||||&#8221; text_text_color=&#8221;#282828&#8243; text_font_size=&#8221;20px&#8221; text_line_height=&#8221;2em&#8221; text_font_size_tablet=&#8221;20px&#8221; text_font_size_phone=&#8221;18px&#8221; text_font_size_last_edited=&#8221;on|phone&#8221; global_colors_info=&#8221;{}&#8221;]<\/p>\n<p>Dependiendo de la edad del ni\u00f1o y tipo de problema los objetivos consistir\u00e1n en lo siguiente:<\/p>\n<p>[\/et_pb_text][et_pb_blurb use_icon=&#8221;on&#8221; font_icon=&#8221;&#xf111;||fa||900&#8243; icon_color=&#8221;#d71448&#8243; icon_placement=&#8221;left&#8221; image_icon_width=&#8221;16px&#8221; content_max_width=&#8221;1100px&#8221; _builder_version=&#8221;4.21.0&#8243; header_font=&#8221;Poppins||||||||&#8221; header_line_height=&#8221;1.6em&#8221; body_font=&#8221;Inter|300|||||||&#8221; body_text_color=&#8221;#000000&#8243; body_font_size=&#8221;20px&#8221; body_line_height=&#8221;2em&#8221; custom_margin=&#8221;||20px||false|false&#8221; body_font_size_tablet=&#8221;20px&#8221; body_font_size_phone=&#8221;18px&#8221; body_font_size_last_edited=&#8221;on|phone&#8221; icon_font_size=&#8221;28px&#8221; locked=&#8221;off&#8221; global_colors_info=&#8221;{}&#8221; image_icon_custom_margin=&#8221;5px||||false|false&#8221; hover_enabled=&#8221;0&#8243; sticky_enabled=&#8221;0&#8243;]<\/p>\n<p>Reducir y\/o eliminar los problemas de conducta, centr\u00e1ndose en ense\u00f1ar a los padres pautas para manejar el comportamiento del ni\u00f1o de un modo m\u00e1s eficaz y restablecer de forma positiva las relaciones familiares.<\/p>\n<p>[\/et_pb_blurb][et_pb_blurb use_icon=&#8221;on&#8221; font_icon=&#8221;&#xf111;||fa||900&#8243; icon_color=&#8221;#d71448&#8243; icon_placement=&#8221;left&#8221; image_icon_width=&#8221;16px&#8221; content_max_width=&#8221;1100px&#8221; _builder_version=&#8221;4.21.0&#8243; header_font=&#8221;Poppins||||||||&#8221; header_line_height=&#8221;1.6em&#8221; body_font=&#8221;Inter|300|||||||&#8221; body_text_color=&#8221;#000000&#8243; body_font_size=&#8221;20px&#8221; body_line_height=&#8221;2em&#8221; custom_margin=&#8221;||20px||false|false&#8221; body_font_size_tablet=&#8221;20px&#8221; body_font_size_phone=&#8221;18px&#8221; body_font_size_last_edited=&#8221;on|phone&#8221; icon_font_size=&#8221;28px&#8221; locked=&#8221;off&#8221; global_colors_info=&#8221;{}&#8221; image_icon_custom_margin=&#8221;5px||||false|false&#8221; hover_enabled=&#8221;0&#8243; sticky_enabled=&#8221;0&#8243;]<\/p>\n<p>Crear o re-establecer una interacci\u00f3n entre padres e hijos saludable y asertiva, con un estilo de comunicaci\u00f3n claro y marcando l\u00edmites en la educaci\u00f3n.<\/p>\n<p>[\/et_pb_blurb][et_pb_blurb use_icon=&#8221;on&#8221; font_icon=&#8221;&#xf111;||fa||900&#8243; icon_color=&#8221;#d71448&#8243; icon_placement=&#8221;left&#8221; image_icon_width=&#8221;16px&#8221; content_max_width=&#8221;1100px&#8221; _builder_version=&#8221;4.21.0&#8243; header_font=&#8221;Poppins||||||||&#8221; header_line_height=&#8221;1.6em&#8221; body_font=&#8221;Inter|300|||||||&#8221; body_text_color=&#8221;#000000&#8243; body_font_size=&#8221;20px&#8221; body_line_height=&#8221;2em&#8221; custom_margin=&#8221;||20px||false|false&#8221; body_font_size_tablet=&#8221;20px&#8221; body_font_size_phone=&#8221;18px&#8221; body_font_size_last_edited=&#8221;on|phone&#8221; icon_font_size=&#8221;28px&#8221; locked=&#8221;off&#8221; global_colors_info=&#8221;{}&#8221; image_icon_custom_margin=&#8221;5px||||false|false&#8221; hover_enabled=&#8221;0&#8243; sticky_enabled=&#8221;0&#8243;]<\/p>\n<p>Promover relaciones positivas entre padres e hijos, proporcionando a los padres la informaci\u00f3n y habilidades que necesitan para aumentar su autoconfianza y autosuficiencia en el manejo de la conducta de sus hijos e hijas.<\/p>\n<p>[\/et_pb_blurb][\/et_pb_column][\/et_pb_row][\/et_pb_section][et_pb_section fb_built=&#8221;1&#8243; _builder_version=&#8221;4.21.0&#8243; _module_preset=&#8221;default&#8221; background_color=&#8221;#f6f6f6&#8243; custom_padding=&#8221;80px||80px|||&#8221; top_divider_color=&#8221;#FFFFFF&#8221; top_divider_height=&#8221;50px&#8221; top_divider_flip=&#8221;horizontal&#8221; bottom_divider_height=&#8221;50px&#8221; global_colors_info=&#8221;{}&#8221;][et_pb_row use_custom_gutter=&#8221;on&#8221; gutter_width=&#8221;2&#8243; make_equal=&#8221;on&#8221; _builder_version=&#8221;4.21.0&#8243; _module_preset=&#8221;default&#8221; width=&#8221;90%&#8221; width_tablet=&#8221;90%&#8221; width_phone=&#8221;90%&#8221; width_last_edited=&#8221;on|tablet&#8221; max_width=&#8221;1170px&#8221; max_width_tablet=&#8221;90%&#8221; max_width_phone=&#8221;90%&#8221; max_width_last_edited=&#8221;on|desktop&#8221; custom_padding=&#8221;0px||30px||false|false&#8221; locked=&#8221;off&#8221; global_colors_info=&#8221;{}&#8221;][et_pb_column type=&#8221;4_4&#8243; _builder_version=&#8221;4.16&#8243; _module_preset=&#8221;default&#8221; global_colors_info=&#8221;{}&#8221;][et_pb_image src=&#8221;https:\/\/www.psicologiaoviedo.com\/wp-content\/uploads\/2023\/07\/template-57.png&#8221; alt=&#8221;Graciela Pe\u00f1a Psic\u00f3loga&#8221; title_text=&#8221;Graciela Pe\u00f1a Psic\u00f3loga&#8221; align=&#8221;center&#8221; _builder_version=&#8221;4.21.0&#8243; _module_preset=&#8221;default&#8221; width=&#8221;25%&#8221; global_colors_info=&#8221;{}&#8221;][\/et_pb_image][\/et_pb_column][\/et_pb_row][et_pb_row column_structure=&#8221;1_2,1_2&#8243; use_custom_gutter=&#8221;on&#8221; _builder_version=&#8221;4.21.0&#8243; _module_preset=&#8221;default&#8221; width=&#8221;65%&#8221; global_colors_info=&#8221;{}&#8221;][et_pb_column type=&#8221;1_2&#8243; _builder_version=&#8221;4.21.0&#8243; _module_preset=&#8221;default&#8221; global_colors_info=&#8221;{}&#8221;][et_pb_text _builder_version=&#8221;4.21.0&#8243; _module_preset=&#8221;default&#8221; text_font=&#8221;Inter|800|||||||&#8221; text_text_color=&#8221;#282828&#8243; text_font_size=&#8221;36px&#8221; text_line_height=&#8221;1.2em&#8221; text_font_size_tablet=&#8221;36px&#8221; text_font_size_phone=&#8221;26px&#8221; text_font_size_last_edited=&#8221;on|phone&#8221; global_colors_info=&#8221;{}&#8221;]<\/p>\n<p style=\"text-align: left;\">Apoyo Psicol\u00f3gico:<\/p>\n<p>[\/et_pb_text][et_pb_text _builder_version=&#8221;4.21.0&#8243; _module_preset=&#8221;default&#8221; text_font=&#8221;Inter|300|||||||&#8221; text_text_color=&#8221;#282828&#8243; text_font_size=&#8221;26px&#8221; text_line_height=&#8221;2em&#8221; text_font_size_tablet=&#8221;26px&#8221; text_font_size_phone=&#8221;20px&#8221; text_font_size_last_edited=&#8221;on|phone&#8221; global_colors_info=&#8221;{}&#8221;]<\/p>\n<p><strong>Problemas de relaci\u00f3n:<\/strong> pareja, social |\u00a0 <strong>Dificultades en la comunicaci\u00f3n:<\/strong><br \/>inseguridad, baja autoestima, timidez | <strong>Experiencias traum\u00e1ticas:<\/strong> enfermedades, abusos, accidentes | Procesos de <strong>duelo<\/strong> | Dificultades en la <strong>resoluci\u00f3n de problemas<\/strong> y toma de decisiones<\/p>\n<p>[\/et_pb_text][\/et_pb_column][et_pb_column type=&#8221;1_2&#8243; _builder_version=&#8221;4.21.0&#8243; _module_preset=&#8221;default&#8221; global_colors_info=&#8221;{}&#8221;][et_pb_text _builder_version=&#8221;4.21.0&#8243; _module_preset=&#8221;default&#8221; text_font=&#8221;Inter|800|||||||&#8221; text_text_color=&#8221;#282828&#8243; text_font_size=&#8221;36px&#8221; text_line_height=&#8221;1.2em&#8221; text_font_size_tablet=&#8221;36px&#8221; text_font_size_phone=&#8221;26px&#8221; text_font_size_last_edited=&#8221;on|phone&#8221; global_colors_info=&#8221;{}&#8221;]<\/p>\n<p style=\"text-align: left;\">Colaboraci\u00f3n con Otros Profesionales:<\/p>\n<p>[\/et_pb_text][et_pb_text _builder_version=&#8221;4.21.0&#8243; _module_preset=&#8221;default&#8221; text_font=&#8221;Inter|300|||||||&#8221; text_text_color=&#8221;#282828&#8243; text_font_size=&#8221;26px&#8221; text_line_height=&#8221;2em&#8221; text_font_size_tablet=&#8221;26px&#8221; text_font_size_phone=&#8221;20px&#8221; text_font_size_last_edited=&#8221;on|phone&#8221; locked=&#8221;off&#8221; global_colors_info=&#8221;{}&#8221;]<\/p>\n<p style=\"text-align: left;\">Este centro trabaja en colaboraci\u00f3n con otros profesionales, llevando a cabo actuaciones coordinadas y multidisciplinares con ellos.<\/p>\n<p>[\/et_pb_text][et_pb_text _builder_version=&#8221;4.21.0&#8243; _module_preset=&#8221;default&#8221; text_font=&#8221;Inter|300|||||||&#8221; text_text_color=&#8221;#282828&#8243; text_font_size=&#8221;26px&#8221; text_line_height=&#8221;2em&#8221; text_font_size_tablet=&#8221;26px&#8221; text_font_size_phone=&#8221;20px&#8221; text_font_size_last_edited=&#8221;on|phone&#8221; locked=&#8221;off&#8221; global_colors_info=&#8221;{}&#8221;]<\/p>\n<p style=\"text-align: left;\">P\u00f3ngase en contacto con esta cl\u00ednica psicol\u00f3gica para cualquier duda que necesite aclarar<\/p>\n<p>[\/et_pb_text][\/et_pb_column][\/et_pb_row][\/et_pb_section]<\/p>\n","protected":false},"excerpt":{"rendered":"<p>Los problemas en los que se ofrece Tramiento psicol\u00f3gico\u00a0con m\u00e1s frecuencia son:|\u00a0 Trastornos del estado de \u00e1nimo: depresi\u00f3n, tristeza, apat\u00eda, soledad, trastorno bipolar\u00a0 |\u00a0 Ansiedad, Estr\u00e9s: trastorno obsesivo-compulsivo, preocupaciones persistentes (Obsesiones), miedos (fobias), crisis de angustia, agorafob\u00eda , hipocondr\u00eda\u00a0 |\u00a0 Adicciones, dependencias, abuso de sustancias: drogas, alcohol\u00a0 |\u00a0 Uso problem\u00e1tico: nuevas tecnolog\u00edas, juego\u00a0 |\u00a0 Problemas [&hellip;]<\/p>\n","protected":false},"author":11,"featured_media":0,"parent":0,"menu_order":0,"comment_status":"closed","ping_status":"closed","template":"","meta":{"_et_pb_use_builder":"on","_et_pb_old_content":"","_et_gb_content_width":"","footnotes":""},"class_list":["post-258682","page","type-page","status-publish","hentry"],"_links":{"self":[{"href":"https:\/\/www.psicologiaoviedo.com\/index.php?rest_route=\/wp\/v2\/pages\/258682","targetHints":{"allow":["GET"]}}],"collection":[{"href":"https:\/\/www.psicologiaoviedo.com\/index.php?rest_route=\/wp\/v2\/pages"}],"about":[{"href":"https:\/\/www.psicologiaoviedo.com\/index.php?rest_route=\/wp\/v2\/types\/page"}],"author":[{"embeddable":true,"href":"https:\/\/www.psicologiaoviedo.com\/index.php?rest_route=\/wp\/v2\/users\/11"}],"replies":[{"embeddable":true,"href":"https:\/\/www.psicologiaoviedo.com\/index.php?rest_route=%2Fwp%2Fv2%2Fcomments&post=258682"}],"version-history":[{"count":10,"href":"https:\/\/www.psicologiaoviedo.com\/index.php?rest_route=\/wp\/v2\/pages\/258682\/revisions"}],"predecessor-version":[{"id":259116,"href":"https:\/\/www.psicologiaoviedo.com\/index.php?rest_route=\/wp\/v2\/pages\/258682\/revisions\/259116"}],"wp:attachment":[{"href":"https:\/\/www.psicologiaoviedo.com\/index.php?rest_route=%2Fwp%2Fv2%2Fmedia&parent=258682"}],"curies":[{"name":"wp","href":"https:\/\/api.w.org\/{rel}","templated":true}]}}